{"id":69,"date":"2020-08-23T10:24:35","date_gmt":"2020-08-23T10:24:35","guid":{"rendered":"http:\/\/granvista.holiday\/sto-nudimo\/"},"modified":"2025-04-14T16:25:28","modified_gmt":"2025-04-14T14:25:28","slug":"amenities","status":"publish","type":"page","link":"https:\/\/www.mini-studio.eu\/hu\/amenities\/","title":{"rendered":"Szolg\u00e1ltat\u00e1sok"},"content":{"rendered":"<div class=\"\" style=\"\" >\n    \n    <section class=\"skrollable u-align-center u-clearfix u-container-align-center u-image u-parallax u-shading u-section-2\" id=\"sec-440c\" data-image-width=\"4032\" data-image-height=\"3024\" style=\"background-image: linear-gradient(0deg, rgba(0, 0, 0, 0.35), rgba(0, 0, 0, 0.35)), url(&quot;https:\/\/www.mini-studio.eu\/wp-content\/uploads\/2024\/11\/IMG_02382-scaled.jpg&quot;);\">\n      <div class=\"u-clearfix u-sheet u-sheet-1\">\n        <h1 class=\"u-custom-font u-text u-text-white u-title u-text-1\">Szolg\u00e1ltat\u00e1sok<\/h1>\n        <h2 class=\"u-custom-font u-subtitle u-text u-text-white u-text-2\">Minden, amire sz\u00fcks\u00e9ge lehet<\/h2>\n      <\/div>\n    <\/section>\n    <section class=\"u-clearfix u-section-3\" id=\"sec-e666\">\n      <div class=\"u-clearfix u-sheet u-sheet-1\">\n        <h2 class=\"u-align-center u-custom-font u-subtitle u-text u-text-grey-90 u-text-1\">Szolg\u00e1ltat\u00e1sok<\/h2>\n      <\/div>\n    <\/section>\n    <section class=\"u-clearfix u-section-4\" id=\"sec-735c\">\n      <div class=\"u-clearfix u-sheet u-sheet-1\">\n        <div class=\"data-layout-selected u-clearfix u-expanded-width u-layout-wrap u-layout-wrap-1\">\n          <div class=\"u-gutter-0 u-layout\">\n            <div class=\"u-layout-col\">\n              <div class=\"u-size-60\">\n                <div class=\"u-layout-row\">\n                  <div class=\"u-container-style u-layout-cell u-shape-rectangle u-size-20 u-size-60-md u-layout-cell-1\">\n                    <div class=\"u-container-layout u-valign-top u-container-layout-1\">\n                      <p class=\"u-custom-font u-text u-text-default u-text-1\"><span class=\"u-file-icon u-icon u-icon-1\"><img decoding=\"async\" src=\"https:\/\/www.mini-studio.eu\/wp-content\/uploads\/2025\/02\/905535.png\" alt=\"\"><\/span>&nbsp; <span style=\"font-weight: 600;\">Parkirali\u0161te <\/span>\n                        <br><span class=\"u-text-grey-70\">\u2022 Ingyenes nyilv\u00e1nos parkol\u00f3 \u00e1ll rendelkez\u00e9sre az \u00e9p\u00fcleten bel\u00fcl, \u00e9s nincs sz\u00fcks\u00e9g foglal\u00e1sra <br>\u2022 Parkol\u00e1s az utc\u00e1n<\/span>\n                        <br>\n                      <\/p>\n                      <p class=\"u-custom-font u-text u-text-default u-text-2\"><span class=\"u-file-icon u-icon u-icon-2\"><img decoding=\"async\" src=\"https:\/\/www.mini-studio.eu\/wp-content\/uploads\/2025\/02\/748151.png\" alt=\"\"><\/span>&nbsp; <span style=\"font-weight: 600;\"> Internet <\/span>\n                        <br><span class=\"u-text-grey-70\">\u2022 Vezet\u00e9k n\u00e9lk\u00fcli internet-hozz\u00e1f\u00e9r\u00e9s el\u00e9rhet\u0151 az eg\u00e9sz \u00e9p\u00fcletben, \u00e9s nem fizetend\u0151<\/span>\n                      <\/p>\n                      <p class=\"u-custom-font u-text u-text-grey-70 u-text-3\"><span class=\"u-file-icon u-icon u-icon-3\"><img decoding=\"async\" src=\"https:\/\/www.mini-studio.eu\/wp-content\/uploads\/2025\/02\/1033522.png\" alt=\"\"><\/span>&nbsp; <span style=\"font-weight: 600;\" class=\"u-text-body-color\"> Konyha <\/span>\n                        <br>\u2022 Konyhai asztal <br>\u2022 Tiszt\u00edt\u00f3szerek <br>\u2022 Konyhai eszk\u00f6z\u00f6k <br>\u2022 Ev\u0151eszk\u00f6z\u00f6k <br>\u2022 Mosogat\u00f3szerk\u00e9szletek <br>\u2022 Mikrohull\u00e1m\u00fa s\u00fct\u0151 <br>\u2022 H\u0171t\u0151szekr\u00e9ny <br>\u2022 Te\u00e1skonyha <br>\u2022 Serpeny\u0151 <br>\u2022 L\u00e1bas <br>\u2022 V\u00edzforral\u00f3 <br>\u2022 T\u0171zhely\n                      <\/p>\n                      <p class=\"u-custom-font u-text u-text-4\"><span class=\"u-file-icon u-icon u-icon-4\"><img decoding=\"async\" src=\"https:\/\/www.mini-studio.eu\/wp-content\/uploads\/2025\/02\/952776.png\" alt=\"\"><\/span>&nbsp;<span style=\"font-weight: 700; font-size: 1.125rem;\"><span style=\"font-weight: 900;\"><span style=\"font-weight: 600; font-size: 1rem;\">H\u00e1l\u00f3zatos szoba<\/span><\/span><\/span>\n                        <br><span class=\"u-text-grey-70\">\u2022 Queen m\u00e9ret\u0171 \u00e1gy <br>\u2022 \u00c1gynem\u0171<\/span>\n                      <\/p>\n                    <\/div>\n                  <\/div>\n                  <div class=\"u-container-style u-layout-cell u-shape-rectangle u-size-20 u-size-60-md u-layout-cell-2\">\n                    <div class=\"u-container-layout u-container-layout-2\">\n                      <p class=\"u-custom-font u-text u-text-grey-70 u-text-5\"><span class=\"u-file-icon u-icon u-icon-5\"><img decoding=\"async\" src=\"https:\/\/www.mini-studio.eu\/wp-content\/uploads\/2025\/02\/2176525.png\" alt=\"\"><\/span>&nbsp;<span style=\"font-weight: 600;\" class=\"u-text-body-color\"> F\u00fcrd\u0151szoba <\/span>\n                        <br>\u2022 Toalettpap\u00edr <br>\u2022 T\u00f6r\u00f6lk\u00f6z\u0151k <br>\u2022 Zuhanykabina <br>\u2022 Saj\u00e1t f\u00fcrd\u0151szoba <br>\u2022 WC <br>\u2022 Ingyenes toalettk\u00e9szlet <br>\u2022 Hajsz\u00e1r\u00edt\u00f3 <br>\u2022 Szappan <br>\u2022 Sampon <br>\u2022 Mos\u00f3g\u00e9p<br>\n                      <\/p>\n                      <p class=\"u-custom-font u-text u-text-6\"><span class=\"u-file-icon u-icon u-icon-6\"><img decoding=\"async\" src=\"https:\/\/www.mini-studio.eu\/wp-content\/uploads\/2025\/02\/914400.png\" alt=\"\"><\/span>&nbsp;<span style=\"font-weight: 600;\">Nappali <\/span>\n                        <br><span class=\"u-text-grey-70\">\u2022 \u00cdr\u00f3asztal <br>\u2022 Ablakon kereszt\u00fcl l\u00e1tv\u00e1ny<\/span>\n                      <\/p>\n                      <p class=\"u-custom-font u-text u-text-7\"><span class=\"u-file-icon u-icon u-icon-7\"><img decoding=\"async\" src=\"https:\/\/www.mini-studio.eu\/wp-content\/uploads\/2025\/02\/3159461.png\" alt=\"\"><\/span>&nbsp; <span style=\"font-weight: 600;\">M\u00e9dia \u00e9s technol\u00f3gia <\/span>\n                        <br><span class=\"u-text-grey-70\">\u2022 J\u00e1t\u00e9kkonzol <br>\u2022 Smart TV <br>\u2022 Vide\u00f3j\u00e1t\u00e9kok <br>\u2022 R\u00e1di\u00f3 <br>\u2022 Hangrendszer<\/span>\n                      <\/p>\n                    <\/div>\n                  <\/div>\n                  <div class=\"u-container-style u-layout-cell u-shape-rectangle u-size-20 u-size-60-md u-layout-cell-3\">\n                    <div class=\"u-container-layout u-container-layout-3\">\n                      <p class=\"u-custom-font u-text u-text-8\"><span class=\"u-file-icon u-icon u-icon-8\"><img decoding=\"async\" src=\"https:\/\/www.mini-studio.eu\/wp-content\/uploads\/2025\/02\/5201613.png\" alt=\"\"><\/span>&nbsp; <span style=\"font-weight: 600;\">Szoba tartalma <\/span>\n                        <br><span class=\"u-text-grey-70\">\u2022 Ruhasz\u00e1r\u00edt\u00f3 <br>\u2022 Ruhast\u00e1ll\u00f3 <br>\u2022 Priv\u00e1t bej\u00e1rat <br>\u2022 Vasal\u00f3 <br>\u2022 Vasal\u00f3deszka <br>\u2022 Porsz\u00edv\u00f3 <br>\u2022 Ruhafogas <br>\u2022 Szekr\u00e9ny<\/span>\n                        <br>\n                      <\/p>\n                      <p class=\"u-custom-font u-text u-text-9\"><span class=\"u-file-icon u-icon u-icon-9\"><img decoding=\"async\" src=\"https:\/\/www.mini-studio.eu\/wp-content\/uploads\/2025\/02\/1535914.png\" alt=\"\"><\/span>&nbsp; <span style=\"font-weight: 600;\">\u00c9p\u00fclet jellemz\u0151i<\/span>\n                        <br><span class=\"u-text-grey-70\">\u2022 Priv\u00e1t apartman az \u00e9p\u00fcletben<\/span>\n                        <br>\n                      <\/p>\n                      <p class=\"u-custom-font u-text u-text-10\"><span class=\"u-file-icon u-icon u-icon-10\"><img decoding=\"async\" src=\"https:\/\/www.mini-studio.eu\/wp-content\/uploads\/2025\/02\/905553.png\" alt=\"\"><\/span>&nbsp; <span style=\"font-size: 18px;\"><b><span style=\"font-weight: 600; font-size: 1rem;\">Recepci\u00f3s szolg\u00e1ltat\u00e1sok<\/span><\/b><\/span>\n                        <br><span class=\"u-text-grey-70\">\u2022 Sz\u00e1ml\u00e1t tud adni ki<br>\u2022 Gyors bejelentkez\u00e9s\/kijelentkez\u00e9s<\/span>\n                      <\/p>\n                      <p class=\"u-custom-font u-text u-text-11\"><span class=\"u-file-icon u-icon u-icon-11\"><img decoding=\"async\" src=\"https:\/\/www.mini-studio.eu\/wp-content\/uploads\/2025\/02\/9066929.png\" alt=\"\"><\/span>&nbsp; <span style=\"font-size: 18px;\"><b><span style=\"font-weight: 600; font-size: 1rem;\">Egy\u00e9b<\/span><span style=\"font-weight: 600;\"><\/span><\/b><\/span>\n                        <br><span class=\"u-text-grey-70\">\u2022 L\u00e9gkondicion\u00e1l\u00f3<br>\u2022 Doh\u00e1nyoz\u00e1s tilos az eg\u00e9sz \u00e9p\u00fcletben<br>\u2022 F\u0171t\u00e9s<\/span>\n                      <\/p>\n                      <p class=\"u-custom-font u-text u-text-12\"><span class=\"u-file-icon u-icon u-icon-12\"><img decoding=\"async\" src=\"https:\/\/www.mini-studio.eu\/wp-content\/uploads\/2025\/02\/9828893.png\" alt=\"\"><\/span>&nbsp;<span style=\"font-weight: 600;\"><\/span><span style=\"font-size: 18px;\"><b><span style=\"font-weight: 600; font-size: 1rem;\">Szolg\u00e1ltat\u00e1s el\u00e9rhet\u0151 nyelveken<\/span><span style=\"font-weight: 600;\"><span style=\"font-weight: 600;\"><span style=\"font-weight: 600;\"><\/span><\/span><\/span><\/b><\/span>\n                        <br><span class=\"u-text-grey-70\">\u2022 Angol<br>\u2022 Horv\u00e1t<\/span>\n                      <\/p>\n                    <\/div>\n                  <\/div>\n                <\/div>\n              <\/div>\n            <\/div>\n          <\/div>\n        <\/div>\n      <\/div>\n    <\/section>\n    <section class=\"u-clearfix u-custom-color-21 u-section-5\" id=\"sec-b7c1\">\n      <div class=\"u-clearfix u-sheet u-sheet-1\">\n        <h2 class=\"u-align-left u-custom-font u-subtitle u-text u-text-grey-90 u-text-1\">Szomsz\u00e9ds\u00e1g<\/h2>\n        <p class=\"u-align-left u-custom-font u-text u-text-grey-70 u-text-2\"> A Mini Studio Apartman a kisebb \u00e9p\u00fclet 1. emelet\u00e9n tal\u00e1lhat\u00f3, amelyet 2009-ben \u00e9p\u00edtettek. Ugyanazon a szinten k\u00e9t lak\u00f3egys\u00e9g tal\u00e1lhat\u00f3, a f\u00f6ldszinten pedig egy sz\u00e9p k\u00e1v\u00e9z\u00f3 b\u00e1r. H\u00e9tv\u00e9g\u00e9n sz\u00e1m\u00edthatsz a b\u00e1r zaj\u00e1ra hajnali 1 \u00f3r\u00e1ig, ha nyitva hagyod az ablakokat.&nbsp;<br>\n        <\/p>\n      <\/div>\n    <\/section>\n    <section class=\"u-clearfix u-custom-color-21 u-section-6\" id=\"carousel_3a9f\">\n      <div class=\"u-clearfix u-sheet u-sheet-1\">\n        <h2 class=\"u-align-left u-custom-font u-subtitle u-text u-text-grey-90 u-text-1\">Bel\u00e9p\u00e9s az apartmanba<\/h2>\n        <p class=\"u-align-left u-custom-font u-text u-text-grey-70 u-text-2\"> Az \u00e9p\u00fclet el\u0151tt l\u00e1tni fogja a Patrix B\u00e1rt. A bej\u00e1rat a b\u00e1r jobb oldal\u00e1n, a nagy r\u00e1csos ajt\u00f3kn\u00e1l tal\u00e1lhat\u00f3. Az ajt\u00f3 jobb oldal\u00e1n a falon l\u00e1tni fogja a PIN k\u00f3d be\u00edr\u00e1s\u00e1ra szolg\u00e1l\u00f3 eszk\u00f6zt, amely kinyitja az ajt\u00f3t. L\u00e9pjen be a k\u00f6z\u00f6s t\u00e9rbe, \u00e9s bal oldalon l\u00e1tni fogja az ajt\u00f3t. L\u00e9pjen be az \u00e9p\u00fcletbe, \u00e9s az 1. emeleten ellen\u0151rizze a MINI STUDIO APARTMAN felirat\u00fa ajt\u00f3t.&nbsp;<br>\n        <\/p>\n      <\/div>\n    <\/section>\n    <section class=\"u-clearfix u-section-7\" id=\"carousel_6829\">\n      <div class=\"u-clearfix u-sheet u-sheet-1\">\n        <div class=\"data-layout-selected u-clearfix u-expanded-width u-gutter-24 u-layout-wrap u-layout-wrap-1\">\n          <div class=\"u-layout\">\n            <div class=\"u-layout-row\">\n              <div class=\"u-container-style u-layout-cell u-size-30 u-layout-cell-1\">\n                <div class=\"u-container-layout u-container-layout-1\">\n                  <h2 class=\"u-align-left u-custom-font u-subtitle u-text u-text-grey-90 u-text-1\">Parkol\u00e1si \u00fatmutat\u00f3<\/h2>\n                  <p class=\"u-align-left u-custom-font u-text u-text-grey-70 u-text-2\">Ingyenes parkol\u00f3 tal\u00e1lhat\u00f3 80 m-re az \u00e9p\u00fclett\u0151l. K\u00f6vesse a vide\u00f3s \u00fatmutat\u00f3t \u00e9s parkoljon biztons\u00e1gosan. <br>\n                    <a href=\"https:\/\/www.youtube.com\/watch?v=MKsRlgHER1k\" class=\"u-active-none u-border-none u-btn u-button-link u-button-style u-hover-none u-none u-text-custom-color-9 u-btn-1\" target=\"_blank\">Kattintson ide az angol nyelv\u0171 parkol\u00e1si \u00fatmutat\u00f3\u00e9rt.<\/a>\n                  <\/p>\n                  <div class=\"u-video u-video-contain u-video-1\">\n                    <div class=\"embed-responsive embed-responsive-1\">\n                      <iframe style=\"position: absolute;top: 0;left: 0;width: 100%;height: 100%;\" class=\"embed-responsive-item\" src=\"https:\/\/www.youtube.com\/embed\/bnS_M10VnUY?mute=0&amp;showinfo=0&amp;controls=0&amp;start=0\" frameborder=\"0\" allowfullscreen=\"\"><\/iframe>\n                    <\/div>\n                  <\/div>\n                <\/div>\n              <\/div>\n              <div class=\"u-container-style u-layout-cell u-size-30 u-layout-cell-2\">\n                <div class=\"u-container-layout u-container-layout-2\">\n                  <img decoding=\"async\" class=\"u-absolute-hcenter u-expanded-height u-image u-image-contain u-image-round u-radius u-image-1\" src=\"https:\/\/www.mini-studio.eu\/wp-content\/uploads\/2024\/09\/parking.jpg\" alt=\"\" data-image-width=\"750\" data-image-height=\"1080\">\n                <\/div>\n              <\/div>\n            <\/div>\n          <\/div>\n        <\/div>\n      <\/div>\n    <\/section>\n    <section class=\"u-clearfix u-custom-color-21 u-section-8\" id=\"carousel_91ab\">\n      <div class=\"u-clearfix u-sheet u-sheet-1\">\n        <h2 class=\"u-align-left u-custom-font u-subtitle u-text u-text-grey-90 u-text-1\">Az \u00e9p\u00fclet k\u00f6rny\u00e9ke<\/h2>\n        <p class=\"u-align-left u-custom-font u-text u-text-2\"><span style=\"font-weight: 600;\">Mi van a k\u00f6zelben <\/span>\n          <br><span class=\"u-text-grey-70\">Antun Gustav Mato\u0161 t\u00e9r \u2219 11 km <br>Mestni park Ro\u017ea \u2219 19 km <\/span>\n          <br>\n          <br><span style=\"font-weight: 600;\">T\u00f6megk\u00f6zleked\u00e9s <\/span>\n          <br><span class=\"u-text-grey-70\">Vonat \u2219 \u010cakovec-Buzovec \u2219 600 m <br>Vonat \u2219 \u010cakovec \u2219 1,9 km <\/span>\n          <br>\n          <br><span style=\"font-weight: 600;\">Legk\u00f6zelebbi rep\u00fcl\u0151t\u00e9r <\/span>\n          <br><span class=\"u-text-grey-70\">Maribor Edvard Rusjan Rep\u00fcl\u0151t\u00e9r \u2219 57 km <br>H\u00e9v\u00edz\u2013Balaton Rep\u00fcl\u0151t\u00e9r \u2219 63 km <br>Zagreb Franjo Tu\u0111man Rep\u00fcl\u0151t\u00e9r \u2219 75 km<\/span>\n          <br>\n        <\/p>\n      <\/div>\n    <\/section>\n    \n    \n    \n    \n  \n<\/div>","protected":false},"excerpt":{"rendered":"<p>Pogodnosti Sve \u0161to vam mo\u017ee zatrebati Pogodnosti &nbsp; Parkirali\u0161te \u2022 besplatno javno parkirali\u0161te dostupno je u okviru objekta i nije potrebna rezervacija \u2022 parking uz cestu &nbsp; Internet \u2022 be\u017ei\u010dni pristup internetu dostupan je u cijelom objektu i ne napla\u0107uje se &nbsp; Kuhinja \u2022 kuhinjski stol \u2022 sredstva za \u010di\u0161\u0107enje \u2022 kuhinjski pribor \u2022 pribor [&hellip;]<\/p>\n","protected":false},"author":1,"featured_media":0,"parent":0,"menu_order":2,"comment_status":"closed","ping_status":"closed","template":"","meta":{"footnotes":""},"class_list":["post-69","page","type-page","status-publish","hentry"],"yoast_head":"<!-- This site is optimized with the Yoast SEO plugin v27.5 - https:\/\/yoast.com\/product\/yoast-seo-wordpress\/ -->\n<title>Amenities - Mini Studio Apartment<\/title>\n<meta name=\"description\" content=\"Mini Studio ima sve \u0161to vam treba - Potpuno je opremljen, sadr\u017ei malu kuhinjicu, kupaonicu, bra\u010dni krevet, TV, i sve \u0161to vam mo\u017ee zatrebati.\" \/>\n<meta name=\"robots\" content=\"index, follow, max-snippet:-1, max-image-preview:large, max-video-preview:-1\" \/>\n<link rel=\"canonical\" href=\"https:\/\/www.mini-studio.eu\/hu\/amenities\/\" \/>\n<meta property=\"og:locale\" content=\"hu_HU\" \/>\n<meta property=\"og:type\" content=\"article\" \/>\n<meta property=\"og:title\" content=\"Pogodnosti - Mini Studio Apartment\" \/>\n<meta property=\"og:description\" content=\"Mini Studio ima sve \u0161to vam treba - Potpuno je opremljen, sadr\u017ei malu kuhinjicu, kupaonicu, bra\u010dni krevet, TV, i sve \u0161to vam mo\u017ee zatrebati.\" \/>\n<meta property=\"og:url\" content=\"https:\/\/www.mini-studio.eu\/hu\/amenities\/\" \/>\n<meta property=\"og:site_name\" content=\"Mini Studio\" \/>\n<meta property=\"article:publisher\" content=\"https:\/\/www.facebook.com\/mini.studio.apartment\/\" \/>\n<meta property=\"article:modified_time\" content=\"2025-04-14T14:25:28+00:00\" \/>\n<meta property=\"og:image\" content=\"https:\/\/www.mini-studio.eu\/wp-content\/uploads\/2024\/09\/galerija1-1.jpg\" \/>\n\t<meta property=\"og:image:width\" content=\"1500\" \/>\n\t<meta property=\"og:image:height\" content=\"1125\" \/>\n\t<meta property=\"og:image:type\" content=\"image\/jpeg\" \/>\n<meta name=\"twitter:card\" content=\"summary_large_image\" \/>\n<meta name=\"twitter:label1\" content=\"Becs\u00fclt olvas\u00e1si id\u0151\" \/>\n\t<meta name=\"twitter:data1\" content=\"3 perc\" \/>\n<script type=\"application\/ld+json\" class=\"yoast-schema-graph\">{\"@context\":\"https:\\\/\\\/schema.org\",\"@graph\":[{\"@type\":\"WebPage\",\"@id\":\"https:\\\/\\\/www.mini-studio.eu\\\/amenities\\\/\",\"url\":\"https:\\\/\\\/www.mini-studio.eu\\\/amenities\\\/\",\"name\":\"Amenities - Mini Studio Apartment\",\"isPartOf\":{\"@id\":\"https:\\\/\\\/www.mini-studio.eu\\\/#website\"},\"datePublished\":\"2020-08-23T10:24:35+00:00\",\"dateModified\":\"2025-04-14T14:25:28+00:00\",\"description\":\"Mini Studio ima sve \u0161to vam treba - Potpuno je opremljen, sadr\u017ei malu kuhinjicu, kupaonicu, bra\u010dni krevet, TV, i sve \u0161to vam mo\u017ee zatrebati.\",\"breadcrumb\":{\"@id\":\"https:\\\/\\\/www.mini-studio.eu\\\/amenities\\\/#breadcrumb\"},\"inLanguage\":\"hu\",\"potentialAction\":[{\"@type\":\"ReadAction\",\"target\":[\"https:\\\/\\\/www.mini-studio.eu\\\/amenities\\\/\"]}]},{\"@type\":\"BreadcrumbList\",\"@id\":\"https:\\\/\\\/www.mini-studio.eu\\\/amenities\\\/#breadcrumb\",\"itemListElement\":[{\"@type\":\"ListItem\",\"position\":1,\"name\":\"Home\",\"item\":\"https:\\\/\\\/www.mini-studio.eu\\\/\"},{\"@type\":\"ListItem\",\"position\":2,\"name\":\"Pogodnosti\"}]},{\"@type\":\"WebSite\",\"@id\":\"https:\\\/\\\/www.mini-studio.eu\\\/#website\",\"url\":\"https:\\\/\\\/www.mini-studio.eu\\\/\",\"name\":\"Mini Studio Apartment\",\"description\":\"Your Mini Home\",\"publisher\":{\"@id\":\"https:\\\/\\\/www.mini-studio.eu\\\/#organization\"},\"alternateName\":\"Mini Studio\",\"potentialAction\":[{\"@type\":\"SearchAction\",\"target\":{\"@type\":\"EntryPoint\",\"urlTemplate\":\"https:\\\/\\\/www.mini-studio.eu\\\/?s={search_term_string}\"},\"query-input\":{\"@type\":\"PropertyValueSpecification\",\"valueRequired\":true,\"valueName\":\"search_term_string\"}}],\"inLanguage\":\"hu\"},{\"@type\":\"Organization\",\"@id\":\"https:\\\/\\\/www.mini-studio.eu\\\/#organization\",\"name\":\"Mini Studio\",\"url\":\"https:\\\/\\\/www.mini-studio.eu\\\/\",\"logo\":{\"@type\":\"ImageObject\",\"inLanguage\":\"hu\",\"@id\":\"https:\\\/\\\/www.mini-studio.eu\\\/#\\\/schema\\\/logo\\\/image\\\/\",\"url\":\"https:\\\/\\\/www.mini-studio.eu\\\/wp-content\\\/uploads\\\/2024\\\/09\\\/logo_mini-studio-removebg-preview-1.png\",\"contentUrl\":\"https:\\\/\\\/www.mini-studio.eu\\\/wp-content\\\/uploads\\\/2024\\\/09\\\/logo_mini-studio-removebg-preview-1.png\",\"width\":494,\"height\":154,\"caption\":\"Mini Studio\"},\"image\":{\"@id\":\"https:\\\/\\\/www.mini-studio.eu\\\/#\\\/schema\\\/logo\\\/image\\\/\"},\"sameAs\":[\"https:\\\/\\\/www.facebook.com\\\/mini.studio.apartment\\\/\"]}]}<\/script>\n<!-- \/ Yoast SEO plugin. -->","yoast_head_json":{"title":"Amenities - Mini Studio Apartment","description":"Mini Studio ima sve \u0161to vam treba - Potpuno je opremljen, sadr\u017ei malu kuhinjicu, kupaonicu, bra\u010dni krevet, TV, i sve \u0161to vam mo\u017ee zatrebati.","robots":{"index":"index","follow":"follow","max-snippet":"max-snippet:-1","max-image-preview":"max-image-preview:large","max-video-preview":"max-video-preview:-1"},"canonical":"https:\/\/www.mini-studio.eu\/hu\/amenities\/","og_locale":"hu_HU","og_type":"article","og_title":"Pogodnosti - Mini Studio Apartment","og_description":"Mini Studio ima sve \u0161to vam treba - Potpuno je opremljen, sadr\u017ei malu kuhinjicu, kupaonicu, bra\u010dni krevet, TV, i sve \u0161to vam mo\u017ee zatrebati.","og_url":"https:\/\/www.mini-studio.eu\/hu\/amenities\/","og_site_name":"Mini Studio","article_publisher":"https:\/\/www.facebook.com\/mini.studio.apartment\/","article_modified_time":"2025-04-14T14:25:28+00:00","og_image":[{"width":1500,"height":1125,"url":"https:\/\/www.mini-studio.eu\/wp-content\/uploads\/2024\/09\/galerija1-1.jpg","type":"image\/jpeg"}],"twitter_card":"summary_large_image","twitter_misc":{"Becs\u00fclt olvas\u00e1si id\u0151":"3 perc"},"schema":{"@context":"https:\/\/schema.org","@graph":[{"@type":"WebPage","@id":"https:\/\/www.mini-studio.eu\/amenities\/","url":"https:\/\/www.mini-studio.eu\/amenities\/","name":"Amenities - Mini Studio Apartment","isPartOf":{"@id":"https:\/\/www.mini-studio.eu\/#website"},"datePublished":"2020-08-23T10:24:35+00:00","dateModified":"2025-04-14T14:25:28+00:00","description":"Mini Studio ima sve \u0161to vam treba - Potpuno je opremljen, sadr\u017ei malu kuhinjicu, kupaonicu, bra\u010dni krevet, TV, i sve \u0161to vam mo\u017ee zatrebati.","breadcrumb":{"@id":"https:\/\/www.mini-studio.eu\/amenities\/#breadcrumb"},"inLanguage":"hu","potentialAction":[{"@type":"ReadAction","target":["https:\/\/www.mini-studio.eu\/amenities\/"]}]},{"@type":"BreadcrumbList","@id":"https:\/\/www.mini-studio.eu\/amenities\/#breadcrumb","itemListElement":[{"@type":"ListItem","position":1,"name":"Home","item":"https:\/\/www.mini-studio.eu\/"},{"@type":"ListItem","position":2,"name":"Pogodnosti"}]},{"@type":"WebSite","@id":"https:\/\/www.mini-studio.eu\/#website","url":"https:\/\/www.mini-studio.eu\/","name":"Mini Studio Apartment","description":"Your Mini Home","publisher":{"@id":"https:\/\/www.mini-studio.eu\/#organization"},"alternateName":"Mini Studio","potentialAction":[{"@type":"SearchAction","target":{"@type":"EntryPoint","urlTemplate":"https:\/\/www.mini-studio.eu\/?s={search_term_string}"},"query-input":{"@type":"PropertyValueSpecification","valueRequired":true,"valueName":"search_term_string"}}],"inLanguage":"hu"},{"@type":"Organization","@id":"https:\/\/www.mini-studio.eu\/#organization","name":"Mini Studio","url":"https:\/\/www.mini-studio.eu\/","logo":{"@type":"ImageObject","inLanguage":"hu","@id":"https:\/\/www.mini-studio.eu\/#\/schema\/logo\/image\/","url":"https:\/\/www.mini-studio.eu\/wp-content\/uploads\/2024\/09\/logo_mini-studio-removebg-preview-1.png","contentUrl":"https:\/\/www.mini-studio.eu\/wp-content\/uploads\/2024\/09\/logo_mini-studio-removebg-preview-1.png","width":494,"height":154,"caption":"Mini Studio"},"image":{"@id":"https:\/\/www.mini-studio.eu\/#\/schema\/logo\/image\/"},"sameAs":["https:\/\/www.facebook.com\/mini.studio.apartment\/"]}]}},"jetpack_sharing_enabled":true,"_links":{"self":[{"href":"https:\/\/www.mini-studio.eu\/hu\/wp-json\/wp\/v2\/pages\/69","targetHints":{"allow":["GET"]}}],"collection":[{"href":"https:\/\/www.mini-studio.eu\/hu\/wp-json\/wp\/v2\/pages"}],"about":[{"href":"https:\/\/www.mini-studio.eu\/hu\/wp-json\/wp\/v2\/types\/page"}],"author":[{"embeddable":true,"href":"https:\/\/www.mini-studio.eu\/hu\/wp-json\/wp\/v2\/users\/1"}],"replies":[{"embeddable":true,"href":"https:\/\/www.mini-studio.eu\/hu\/wp-json\/wp\/v2\/comments?post=69"}],"version-history":[{"count":51,"href":"https:\/\/www.mini-studio.eu\/hu\/wp-json\/wp\/v2\/pages\/69\/revisions"}],"predecessor-version":[{"id":2092,"href":"https:\/\/www.mini-studio.eu\/hu\/wp-json\/wp\/v2\/pages\/69\/revisions\/2092"}],"wp:attachment":[{"href":"https:\/\/www.mini-studio.eu\/hu\/wp-json\/wp\/v2\/media?parent=69"}],"curies":[{"name":"wp","href":"https:\/\/api.w.org\/{rel}","templated":true}]}}